{"id":621,"date":"2023-03-17T17:46:48","date_gmt":"2023-03-17T17:46:48","guid":{"rendered":"https:\/\/www.caliplant.com\/politique-de-protection-des-donnees\/"},"modified":"2023-09-16T02:38:10","modified_gmt":"2023-09-16T02:38:10","slug":"politique-de-protection-des-donnees","status":"publish","type":"page","link":"https:\/\/www.caliplant.com\/fr\/politique-de-protection-des-donnees\/","title":{"rendered":"Politique de protection des donn\u00e9es"},"content":{"rendered":"\t\t<div data-elementor-type=\"wp-page\" data-elementor-id=\"621\" class=\"elementor elementor-621 elementor-357\" data-elementor-post-type=\"page\">\n\t\t\t\t\t\t<section class=\"elementor-section elementor-top-section elementor-element elementor-element-263142fd elementor-section-boxed elementor-section-height-default elementor-section-height-default\" data-id=\"263142fd\" data-element_type=\"section\">\n\t\t\t\t\t\t<div class=\"elementor-container elementor-column-gap-default\">\n\t\t\t\t\t<div class=\"elementor-column elementor-col-100 elementor-top-column elementor-element elementor-element-39b46e88\" data-id=\"39b46e88\" data-element_type=\"column\">\n\t\t\t<div class=\"elementor-widget-wrap elementor-element-populated\">\n\t\t\t\t\t\t<div class=\"elementor-element elementor-element-27b89f9 elementor-widget elementor-widget-text-editor\" data-id=\"27b89f9\" data-element_type=\"widget\" data-widget_type=\"text-editor.default\">\n\t\t\t\t<div class=\"elementor-widget-container\">\n\t\t\t\t\t\t\t\t\t\n<h1><strong>POLITIQUE DE PROTECTION DES DONN\u00c9ES<\/strong><\/h1>\n<p><strong><u>NOTRE ENGAGEMENT EN MATI\u00c8RE DE PROTECTION DES DONN\u00c9ES PERSONNELLES : \u00ab\u00a0DES PERSONNES INFORM\u00c9ES, DES DONN\u00c9ES PROT\u00c9G\u00c9ES\u00a0\u00bb.<\/u><\/strong><\/p>\n\n<p>L&rsquo;organe de gestion \/ de direction de <strong>Caliplant Agro SL<\/strong>  (ci-apr\u00e8s, le contr\u00f4leur de donn\u00e9es), assume la plus grande responsabilit\u00e9 et s&rsquo;engage \u00e0 \u00e9tablir, mettre en \u0153uvre et maintenir la pr\u00e9sente politique de protection des donn\u00e9es, en assurant l&rsquo;am\u00e9lioration continue du contr\u00f4leur de donn\u00e9es dans le but d&rsquo;atteindre l&rsquo;excellence en ce qui concerne la conformit\u00e9 avec le r\u00e8glement (UE) 2016\/679 du Parlement europ\u00e9en et du Conseil du 27 avril 2016, relatif \u00e0 la protection des personnes physiques \u00e0 l&rsquo;\u00e9gard du traitement des donn\u00e9es \u00e0 caract\u00e8re personnel et \u00e0 la libre circulation de ces donn\u00e9es, et abrogeant la directive 95\/46\/CE (r\u00e8glement g\u00e9n\u00e9ral sur la protection des donn\u00e9es) (JOUE L 119\/1, 04-05-2016), et la r\u00e9glementation espagnole en mati\u00e8re de protection des donn\u00e9es \u00e0 caract\u00e8re personnel (loi organique, l\u00e9gislation sectorielle sp\u00e9cifique et ses r\u00e8gles d&rsquo;application).<\/p>\n\n<p>La politique de protection des donn\u00e9es de <strong>Caliplant Agro SL<\/strong> repose sur le principe de la responsabilit\u00e9 proactive, selon lequel le responsable du traitement est responsable du respect du cadre r\u00e9glementaire et jurisprudentiel r\u00e9gissant la politique, et est en mesure de le d\u00e9montrer aux autorit\u00e9s de contr\u00f4le comp\u00e9tentes.<\/p>\n\n<p>\u00c0 cet \u00e9gard, le responsable du traitement est r\u00e9gi par les principes suivants, qui devraient servir de guide et de cadre de r\u00e9f\u00e9rence \u00e0 l&rsquo;ensemble de son personnel dans le cadre du traitement des donn\u00e9es \u00e0 caract\u00e8re personnel :<\/p>\n\n<ol type=\"1\">\n<li>Protection des donn\u00e9es d\u00e8s la conception : le responsable du traitement met en \u0153uvre, tant au moment de la d\u00e9termination des moyens de traitement qu&rsquo;au moment du traitement lui-m\u00eame, des mesures techniques et organisationnelles appropri\u00e9es, telles que la pseudonymisation, destin\u00e9es \u00e0 mettre en \u0153uvre efficacement les principes de protection des donn\u00e9es, tels que la minimisation des donn\u00e9es, et \u00e0 int\u00e9grer les garanties n\u00e9cessaires dans le traitement.<\/li>\n<\/ol>\n\n<ul>\n<li>Protection des donn\u00e9es par d\u00e9faut : le responsable du traitement met en \u0153uvre les mesures techniques et organisationnelles appropri\u00e9es afin de garantir que, par d\u00e9faut, seules les donn\u00e9es \u00e0 caract\u00e8re personnel qui sont n\u00e9cessaires au regard de chacune des finalit\u00e9s sp\u00e9cifiques du traitement sont trait\u00e9es.<\/li>\n<\/ul>\n\n<ul>\n<li>Protection des donn\u00e9es dans le cycle de vie de l&rsquo;information : les mesures garantissant la protection des donn\u00e9es \u00e0 caract\u00e8re personnel s&rsquo;appliquent tout au long du cycle de vie de l&rsquo;information.<\/li>\n<\/ul>\n\n<ul>\n<li>Lic\u00e9it\u00e9, loyaut\u00e9 et transparence : les donn\u00e9es \u00e0 caract\u00e8re personnel sont trait\u00e9es de mani\u00e8re licite, loyale et transparente par rapport \u00e0 la personne concern\u00e9e.<\/li>\n<\/ul>\n\n<ul>\n<li>Limitation des finalit\u00e9s : les donn\u00e9es \u00e0 caract\u00e8re personnel sont collect\u00e9es pour des finalit\u00e9s d\u00e9termin\u00e9es, explicites et l\u00e9gitimes et ne sont pas trait\u00e9es ult\u00e9rieurement de mani\u00e8re incompatible avec ces finalit\u00e9s.<\/li>\n<\/ul>\n\n<ul>\n<li>Minimisation des donn\u00e9es : les donn\u00e9es \u00e0 caract\u00e8re personnel sont ad\u00e9quates, pertinentes et limit\u00e9es \u00e0 ce qui est n\u00e9cessaire au regard des finalit\u00e9s pour lesquelles elles sont trait\u00e9es.<\/li>\n<\/ul>\n\n<ul>\n<li>Exactitude : les donn\u00e9es \u00e0 caract\u00e8re personnel sont exactes et, si n\u00e9cessaire, mises \u00e0 jour ; toutes les mesures raisonnables sont prises pour que les donn\u00e9es \u00e0 caract\u00e8re personnel qui sont inexactes au regard des finalit\u00e9s pour lesquelles elles sont trait\u00e9es soient effac\u00e9es ou rectifi\u00e9es sans d\u00e9lai.<\/li>\n<\/ul>\n\n<ul>\n<li>Limitation de la dur\u00e9e de conservation : les donn\u00e9es \u00e0 caract\u00e8re personnel sont conserv\u00e9es sous une forme permettant l&rsquo;identification des personnes concern\u00e9es pendant une dur\u00e9e n&rsquo;exc\u00e9dant pas celle n\u00e9cessaire \u00e0 la r\u00e9alisation des finalit\u00e9s pour lesquelles elles sont trait\u00e9es.<\/li>\n<\/ul>\n\n<ul>\n<li>Int\u00e9grit\u00e9 et confidentialit\u00e9 : les donn\u00e9es \u00e0 caract\u00e8re personnel sont trait\u00e9es de mani\u00e8re \u00e0 assurer une s\u00e9curit\u00e9 appropri\u00e9e des donn\u00e9es \u00e0 caract\u00e8re personnel, y compris la protection contre le traitement non autoris\u00e9 ou illicite et contre la perte, la destruction ou les dommages accidentels, par la mise en \u0153uvre de mesures techniques ou organisationnelles appropri\u00e9es.<\/li>\n<\/ul>\n\n<ol type=\"1\">\n<li>Information et formation : l&rsquo;une des cl\u00e9s pour garantir la protection des donn\u00e9es \u00e0 caract\u00e8re personnel est la formation et l&rsquo;information du personnel impliqu\u00e9 dans le traitement des donn\u00e9es \u00e0 caract\u00e8re personnel. Au cours du cycle de vie des informations, tous les membres du personnel ayant acc\u00e8s aux donn\u00e9es seront form\u00e9s de mani\u00e8re ad\u00e9quate et inform\u00e9s de leurs obligations en mati\u00e8re de respect des r\u00e9glementations sur la protection des donn\u00e9es.<\/li>\n<\/ol>\n\n<p>La politique de protection des donn\u00e9es de <strong>Caliplant Agro SL<\/strong> est communiqu\u00e9e \u00e0 l&rsquo;ensemble du personnel du responsable du traitement et mise \u00e0 la disposition de toutes les parties int\u00e9ress\u00e9es.<\/p>\n\n<p>Par cons\u00e9quent, la pr\u00e9sente politique de protection des donn\u00e9es concerne l&rsquo;ensemble du personnel du responsable du traitement, qui doit la conna\u00eetre et l&rsquo;accepter, en la consid\u00e9rant comme sienne, chaque membre \u00e9tant responsable de son application et de la v\u00e9rification des r\u00e8gles de protection des donn\u00e9es applicables \u00e0 son activit\u00e9, ainsi que de l&rsquo;identification et de la fourniture des possibilit\u00e9s d&rsquo;am\u00e9lioration qu&rsquo;il juge appropri\u00e9es dans le but d&rsquo;atteindre l&rsquo;excellence en ce qui concerne le respect de ces r\u00e8gles. Cette politique sera r\u00e9vis\u00e9e par la direction \/ l&rsquo;organe directeur de <strong>Caliplant Agro SL<\/strong>, aussi souvent que n\u00e9cessaire pour s&rsquo;adapter, \u00e0 tout moment, aux dispositions en vigueur en mati\u00e8re de protection des donn\u00e9es \u00e0 caract\u00e8re personnel.<\/p>\n\t\t\t\t\t\t\t\t<\/div>\n\t\t\t\t<\/div>\n\t\t\t\t\t<\/div>\n\t\t<\/div>\n\t\t\t\t\t<\/div>\n\t\t<\/section>\n\t\t\t\t<\/div>\n\t\t","protected":false},"excerpt":{"rendered":"<p>POLITIQUE DE PROTECTION DES DONN\u00c9ES NOTRE ENGAGEMENT EN MATI\u00c8RE DE PROTECTION DES DONN\u00c9ES PERSONNELLES : \u00ab\u00a0DES PERSONNES INFORM\u00c9ES, DES DONN\u00c9ES PROT\u00c9G\u00c9ES\u00a0\u00bb. L&rsquo;organe de gestion \/ de direction de Caliplant Agro SL (ci-apr\u00e8s, le contr\u00f4leur de donn\u00e9es), assume la plus grande responsabilit\u00e9 et s&rsquo;engage \u00e0 \u00e9tablir, mettre en \u0153uvre et maintenir la pr\u00e9sente politique de protection [&hellip;]<\/p>\n","protected":false},"author":1,"featured_media":0,"parent":0,"menu_order":0,"comment_status":"closed","ping_status":"closed","template":"","meta":{"footnotes":""},"class_list":["post-621","page","type-page","status-publish","hentry"],"_links":{"self":[{"href":"https:\/\/www.caliplant.com\/fr\/wp-json\/wp\/v2\/pages\/621","targetHints":{"allow":["GET"]}}],"collection":[{"href":"https:\/\/www.caliplant.com\/fr\/wp-json\/wp\/v2\/pages"}],"about":[{"href":"https:\/\/www.caliplant.com\/fr\/wp-json\/wp\/v2\/types\/page"}],"author":[{"embeddable":true,"href":"https:\/\/www.caliplant.com\/fr\/wp-json\/wp\/v2\/users\/1"}],"replies":[{"embeddable":true,"href":"https:\/\/www.caliplant.com\/fr\/wp-json\/wp\/v2\/comments?post=621"}],"version-history":[{"count":7,"href":"https:\/\/www.caliplant.com\/fr\/wp-json\/wp\/v2\/pages\/621\/revisions"}],"predecessor-version":[{"id":628,"href":"https:\/\/www.caliplant.com\/fr\/wp-json\/wp\/v2\/pages\/621\/revisions\/628"}],"wp:attachment":[{"href":"https:\/\/www.caliplant.com\/fr\/wp-json\/wp\/v2\/media?parent=621"}],"curies":[{"name":"wp","href":"https:\/\/api.w.org\/{rel}","templated":true}]}}